{"id":2484,"date":"2026-03-03T16:31:15","date_gmt":"2026-03-03T16:31:15","guid":{"rendered":"http:\/\/ptm.garrett.pt\/?post_type=product&#038;p=2484"},"modified":"2026-03-19T18:14:32","modified_gmt":"2026-03-19T18:14:32","slug":"colunas-para-integracao","status":"publish","type":"product","link":"https:\/\/garrett.pt\/en\/product\/colunas-para-integracao\/","title":{"rendered":"Columns for Integration"},"content":{"rendered":"<p><span style=\"font-weight: 400;\">\u2013 Series 4000: Active columns with balanced line of <\/span><span style=\"font-weight: 400;\">10 kOhm.<br \/>\n<\/span><span style=\"font-weight: 400;\"><br \/>\n<\/span><span style=\"font-weight: 400;\">\u2013 <\/span><span style=\"font-weight: 400;\">Built-in \/ Architectural Loudspeakers: Active loudspeakers, with independent control module, also built-in.<\/span><\/p>\n<p>\u2013 SMART IP \u2013 Audio over IP has come to redefine the way new sound systems are designed. Better signal management and conduction, fewer cables, project scalability, these are all advantages of a networked AV system, adding the advantages of PoE (Power over Ethernet) in some speaker models.<\/p>\n<p>&nbsp;<\/p>\n<p><iframe loading=\"lazy\" title=\"The new Genelec 4010 for active installations\" width=\"720\" height=\"405\" src=\"https:\/\/www.youtube.com\/embed\/7w9Smg4lRE4?feature=oembed&#038;enablejsapi=1&#038;origin=https:\/\/garrett.pt\" frameborder=\"0\" allow=\"accelerometer; autoplay; clipboard-write; encrypted-media; gyroscope; picture-in-picture\" allowfullscreen><\/iframe><\/p>\n<p><iframe loading=\"lazy\" title=\"Genelec Smart IP Loudspeakers \u2013 Exceptional Sound over IP | Genelec AV\" width=\"720\" height=\"405\" src=\"https:\/\/www.youtube.com\/embed\/R-LQCKxBF2E?feature=oembed&#038;enablejsapi=1&#038;origin=https:\/\/garrett.pt\" frameborder=\"0\" allow=\"accelerometer; autoplay; clipboard-write; encrypted-media; gyroscope; picture-in-picture\" allowfullscreen><\/iframe><\/p>","protected":false},"excerpt":{"rendered":"<p><span style=\"font-weight: 400;\">An exceptional space deserves quality audio. Genelec offers a complete range of products, which are specifically designed for many different types of commercial\/corporate installations. These installation speakers are not only powerful, accurate, compact and beautiful, they are also extremely easy to install.<\/span><span style=\"font-weight: 400;\"><br \/>\n<\/span><\/p>\n<p>Learn more at: <a href=\"https:\/\/www.genelec.com\/av-installation-speakers\" target=\"_blank\" rel=\"noopener\">https:\/\/www.genelec.com\/av-installation-speakers<\/a><\/p>","protected":false},"featured_media":2476,"comment_status":"closed","ping_status":"closed","template":"","meta":{"cybocfi_hide_featured_image":""},"product_brand":[],"product_cat":[59,182,82,187],"product_tag":[],"class_list":{"0":"post-2484","1":"product","2":"type-product","3":"status-publish","4":"has-post-thumbnail","6":"product_cat-audio","7":"product_cat-colunas","8":"product_cat-genelec","9":"product_cat-integracao","10":"post","11":"post-with-thumbnail","12":"post-with-thumbnail-large","14":"first","15":"instock","16":"taxable","17":"shipping-taxable","18":"product-type-simple"},"aioseo_notices":[],"aioseo_head":"\n\t\t<!-- All in One SEO Pro 4.9.6.2 - aioseo.com -->\n\t<meta name=\"description\" content=\"Um espa\u00e7o excepcional merece \u00e1udio de qualidade. A Genelec oferece uma gama completa de produtos, que s\u00e3o projectados especificamente para muitos tipos diferentes de instala\u00e7\u00f5es comerciais \/ corporativas. Estas colunas de instala\u00e7\u00e3o n\u00e3o s\u00e3o apenas potentes, precisas, compactas e bonitas, eles tamb\u00e9m s\u00e3o extremamente f\u00e1ceis de instalar. Saiba mais em: https:\/\/www.genelec.com\/av-installation-speakers\" \/>\n\t<meta name=\"robots\" content=\"max-image-preview:large\" \/>\n\t<meta name=\"google-site-verification\" content=\"V-yzxKXBUCATCiI1W_5bHMqCYZQPH0cGOGjcdwe4AHM\" \/>\n\t<link rel=\"canonical\" href=\"https:\/\/garrett.pt\/en\/product\/colunas-para-integracao\/\" \/>\n\t<meta name=\"generator\" content=\"All in One SEO Pro (AIOSEO) 4.9.6.2\" \/>\n\t\t<meta property=\"og:locale\" content=\"en_GB\" \/>\n\t\t<meta property=\"og:site_name\" content=\"Garrett Audiovisuais | Projeto e Integra\u00e7\u00e3o de Sistemas Audiovisuais\" \/>\n\t\t<meta property=\"og:type\" content=\"article\" \/>\n\t\t<meta property=\"og:title\" content=\"Colunas para Integra\u00e7\u00e3o | Garrett Audiovisuais\" \/>\n\t\t<meta property=\"og:description\" content=\"Um espa\u00e7o excepcional merece \u00e1udio de qualidade. A Genelec oferece uma gama completa de produtos, que s\u00e3o projectados especificamente para muitos tipos diferentes de instala\u00e7\u00f5es comerciais \/ corporativas. Estas colunas de instala\u00e7\u00e3o n\u00e3o s\u00e3o apenas potentes, precisas, compactas e bonitas, eles tamb\u00e9m s\u00e3o extremamente f\u00e1ceis de instalar. Saiba mais em: https:\/\/www.genelec.com\/av-installation-speakers\" \/>\n\t\t<meta property=\"og:url\" content=\"https:\/\/garrett.pt\/en\/product\/colunas-para-integracao\/\" \/>\n\t\t<meta property=\"og:image\" content=\"https:\/\/garrett.pt\/wp-content\/uploads\/2016\/03\/Genelec_Integracao.png\" \/>\n\t\t<meta property=\"og:image:secure_url\" content=\"https:\/\/garrett.pt\/wp-content\/uploads\/2016\/03\/Genelec_Integracao.png\" \/>\n\t\t<meta property=\"og:image:width\" content=\"500\" \/>\n\t\t<meta property=\"og:image:height\" content=\"500\" \/>\n\t\t<meta property=\"article:published_time\" content=\"2026-03-03T16:31:15+00:00\" \/>\n\t\t<meta property=\"article:modified_time\" content=\"2026-03-19T18:14:32+00:00\" \/>\n\t\t<meta property=\"article:publisher\" content=\"https:\/\/www.facebook.com\/garrettaudiovisuais\" \/>\n\t\t<meta name=\"twitter:card\" content=\"summary\" \/>\n\t\t<meta name=\"twitter:title\" content=\"Colunas para Integra\u00e7\u00e3o | Garrett Audiovisuais\" \/>\n\t\t<meta name=\"twitter:description\" content=\"Um espa\u00e7o excepcional merece \u00e1udio de qualidade. A Genelec oferece uma gama completa de produtos, que s\u00e3o projectados especificamente para muitos tipos diferentes de instala\u00e7\u00f5es comerciais \/ corporativas. Estas colunas de instala\u00e7\u00e3o n\u00e3o s\u00e3o apenas potentes, precisas, compactas e bonitas, eles tamb\u00e9m s\u00e3o extremamente f\u00e1ceis de instalar. Saiba mais em: https:\/\/www.genelec.com\/av-installation-speakers\" \/>\n\t\t<meta name=\"twitter:image\" content=\"https:\/\/garrett.pt\/wp-content\/uploads\/2016\/03\/Genelec_Integracao.png\" \/>\n\t\t<script type=\"application\/ld+json\" class=\"aioseo-schema\">\n\t\t\t{\"@context\":\"https:\\\/\\\/schema.org\",\"@graph\":[{\"@type\":\"BreadcrumbList\",\"@id\":\"https:\\\/\\\/garrett.pt\\\/en\\\/product\\\/colunas-para-integracao\\\/#breadcrumblist\",\"itemListElement\":[{\"@type\":\"ListItem\",\"@id\":\"https:\\\/\\\/garrett.pt\\\/en#listItem\",\"position\":1,\"name\":\"Home\",\"item\":\"https:\\\/\\\/garrett.pt\\\/en\",\"nextItem\":{\"@type\":\"ListItem\",\"@id\":\"https:\\\/\\\/garrett.pt\\\/en\\\/?page_id=927#listItem\",\"name\":\"Private: Shop\"}},{\"@type\":\"ListItem\",\"@id\":\"https:\\\/\\\/garrett.pt\\\/en\\\/?page_id=927#listItem\",\"position\":2,\"name\":\"Private: Shop\",\"item\":\"https:\\\/\\\/garrett.pt\\\/en\\\/?page_id=927\",\"nextItem\":{\"@type\":\"ListItem\",\"@id\":\"https:\\\/\\\/garrett.pt\\\/en\\\/product-category\\\/audio\\\/#listItem\",\"name\":\"Audio\"},\"previousItem\":{\"@type\":\"ListItem\",\"@id\":\"https:\\\/\\\/garrett.pt\\\/en#listItem\",\"name\":\"Home\"}},{\"@type\":\"ListItem\",\"@id\":\"https:\\\/\\\/garrett.pt\\\/en\\\/product-category\\\/audio\\\/#listItem\",\"position\":3,\"name\":\"Audio\",\"item\":\"https:\\\/\\\/garrett.pt\\\/en\\\/product-category\\\/audio\\\/\",\"nextItem\":{\"@type\":\"ListItem\",\"@id\":\"https:\\\/\\\/garrett.pt\\\/en\\\/product-category\\\/audio\\\/colunas\\\/#listItem\",\"name\":\"Colunas\"},\"previousItem\":{\"@type\":\"ListItem\",\"@id\":\"https:\\\/\\\/garrett.pt\\\/en\\\/?page_id=927#listItem\",\"name\":\"Private: Shop\"}},{\"@type\":\"ListItem\",\"@id\":\"https:\\\/\\\/garrett.pt\\\/en\\\/product-category\\\/audio\\\/colunas\\\/#listItem\",\"position\":4,\"name\":\"Colunas\",\"item\":\"https:\\\/\\\/garrett.pt\\\/en\\\/product-category\\\/audio\\\/colunas\\\/\",\"nextItem\":{\"@type\":\"ListItem\",\"@id\":\"https:\\\/\\\/garrett.pt\\\/en\\\/product-category\\\/audio\\\/colunas\\\/integracao\\\/#listItem\",\"name\":\"Integra\\u00e7\\u00e3o\"},\"previousItem\":{\"@type\":\"ListItem\",\"@id\":\"https:\\\/\\\/garrett.pt\\\/en\\\/product-category\\\/audio\\\/#listItem\",\"name\":\"Audio\"}},{\"@type\":\"ListItem\",\"@id\":\"https:\\\/\\\/garrett.pt\\\/en\\\/product-category\\\/audio\\\/colunas\\\/integracao\\\/#listItem\",\"position\":5,\"name\":\"Integra\\u00e7\\u00e3o\",\"item\":\"https:\\\/\\\/garrett.pt\\\/en\\\/product-category\\\/audio\\\/colunas\\\/integracao\\\/\",\"nextItem\":{\"@type\":\"ListItem\",\"@id\":\"https:\\\/\\\/garrett.pt\\\/en\\\/product\\\/colunas-para-integracao\\\/#listItem\",\"name\":\"Colunas para Integra\\u00e7\\u00e3o\"},\"previousItem\":{\"@type\":\"ListItem\",\"@id\":\"https:\\\/\\\/garrett.pt\\\/en\\\/product-category\\\/audio\\\/colunas\\\/#listItem\",\"name\":\"Colunas\"}},{\"@type\":\"ListItem\",\"@id\":\"https:\\\/\\\/garrett.pt\\\/en\\\/product\\\/colunas-para-integracao\\\/#listItem\",\"position\":6,\"name\":\"Colunas para Integra\\u00e7\\u00e3o\",\"previousItem\":{\"@type\":\"ListItem\",\"@id\":\"https:\\\/\\\/garrett.pt\\\/en\\\/product-category\\\/audio\\\/colunas\\\/integracao\\\/#listItem\",\"name\":\"Integra\\u00e7\\u00e3o\"}}]},{\"@type\":\"ItemPage\",\"@id\":\"https:\\\/\\\/garrett.pt\\\/en\\\/product\\\/colunas-para-integracao\\\/#itempage\",\"url\":\"https:\\\/\\\/garrett.pt\\\/en\\\/product\\\/colunas-para-integracao\\\/\",\"name\":\"Colunas para Integra\\u00e7\\u00e3o | Garrett Audiovisuais\",\"description\":\"Um espa\\u00e7o excepcional merece \\u00e1udio de qualidade. A Genelec oferece uma gama completa de produtos, que s\\u00e3o projectados especificamente para muitos tipos diferentes de instala\\u00e7\\u00f5es comerciais \\\/ corporativas. Estas colunas de instala\\u00e7\\u00e3o n\\u00e3o s\\u00e3o apenas potentes, precisas, compactas e bonitas, eles tamb\\u00e9m s\\u00e3o extremamente f\\u00e1ceis de instalar. Saiba mais em: https:\\\/\\\/www.genelec.com\\\/av-installation-speakers\",\"inLanguage\":\"en-GB\",\"isPartOf\":{\"@id\":\"https:\\\/\\\/garrett.pt\\\/en\\\/#website\"},\"breadcrumb\":{\"@id\":\"https:\\\/\\\/garrett.pt\\\/en\\\/product\\\/colunas-para-integracao\\\/#breadcrumblist\"},\"image\":{\"@type\":\"ImageObject\",\"url\":\"https:\\\/\\\/garrett.pt\\\/wp-content\\\/uploads\\\/2016\\\/03\\\/Genelec_Integracao.png\",\"@id\":\"https:\\\/\\\/garrett.pt\\\/en\\\/product\\\/colunas-para-integracao\\\/#mainImage\",\"width\":500,\"height\":500},\"primaryImageOfPage\":{\"@id\":\"https:\\\/\\\/garrett.pt\\\/en\\\/product\\\/colunas-para-integracao\\\/#mainImage\"},\"datePublished\":\"2026-03-03T16:31:15+00:00\",\"dateModified\":\"2026-03-19T18:14:32+00:00\"},{\"@type\":\"Organization\",\"@id\":\"https:\\\/\\\/garrett.pt\\\/en\\\/#organization\",\"name\":\"Garrett Audiovisuais\",\"description\":\"Projeto e Integra\\u00e7\\u00e3o de Sistemas Audiovisuais\",\"url\":\"https:\\\/\\\/garrett.pt\\\/en\\\/\",\"telephone\":\"+351214180134\",\"logo\":{\"@type\":\"ImageObject\",\"url\":\"https:\\\/\\\/garrett.pt\\\/wp-content\\\/uploads\\\/2021\\\/10\\\/1378831_10151703628399331_552396504_n.jpg\",\"@id\":\"https:\\\/\\\/garrett.pt\\\/en\\\/product\\\/colunas-para-integracao\\\/#organizationLogo\",\"width\":650,\"height\":650},\"image\":{\"@id\":\"https:\\\/\\\/garrett.pt\\\/en\\\/product\\\/colunas-para-integracao\\\/#organizationLogo\"},\"sameAs\":[\"https:\\\/\\\/www.facebook.com\\\/garrettaudiovisuais\",\"https:\\\/\\\/www.instagram.com\\\/garrettaudiovisuais\\\/\",\"https:\\\/\\\/www.youtube.com\\\/channel\\\/UCMLMFyCLpAQ3D4cYmzC34PQ\",\"https:\\\/\\\/www.linkedin.com\\\/company\\\/garrett-audiovisuais\",\"https:\\\/\\\/www.threads.net\\\/@garrettaudiovisuais\",\"https:\\\/\\\/bsky.app\\\/profile\\\/garrettsa.bsky.social\"]},{\"@type\":\"WebPage\",\"@id\":\"https:\\\/\\\/garrett.pt\\\/en\\\/product\\\/colunas-para-integracao\\\/#webpage\",\"url\":\"https:\\\/\\\/garrett.pt\\\/en\\\/product\\\/colunas-para-integracao\\\/\",\"name\":\"Colunas para Integra\\u00e7\\u00e3o | Garrett Audiovisuais\",\"description\":\"Um espa\\u00e7o excepcional merece \\u00e1udio de qualidade. A Genelec oferece uma gama completa de produtos, que s\\u00e3o projectados especificamente para muitos tipos diferentes de instala\\u00e7\\u00f5es comerciais \\\/ corporativas. Estas colunas de instala\\u00e7\\u00e3o n\\u00e3o s\\u00e3o apenas potentes, precisas, compactas e bonitas, eles tamb\\u00e9m s\\u00e3o extremamente f\\u00e1ceis de instalar. Saiba mais em: https:\\\/\\\/www.genelec.com\\\/av-installation-speakers\",\"inLanguage\":\"en-GB\",\"isPartOf\":{\"@id\":\"https:\\\/\\\/garrett.pt\\\/en\\\/#website\"},\"breadcrumb\":{\"@id\":\"https:\\\/\\\/garrett.pt\\\/en\\\/product\\\/colunas-para-integracao\\\/#breadcrumblist\"},\"image\":{\"@type\":\"ImageObject\",\"url\":\"https:\\\/\\\/garrett.pt\\\/wp-content\\\/uploads\\\/2016\\\/03\\\/Genelec_Integracao.png\",\"@id\":\"https:\\\/\\\/garrett.pt\\\/en\\\/product\\\/colunas-para-integracao\\\/#mainImage\",\"width\":500,\"height\":500},\"primaryImageOfPage\":{\"@id\":\"https:\\\/\\\/garrett.pt\\\/en\\\/product\\\/colunas-para-integracao\\\/#mainImage\"},\"datePublished\":\"2026-03-03T16:31:15+00:00\",\"dateModified\":\"2026-03-19T18:14:32+00:00\"},{\"@type\":\"WebSite\",\"@id\":\"https:\\\/\\\/garrett.pt\\\/en\\\/#website\",\"url\":\"https:\\\/\\\/garrett.pt\\\/en\\\/\",\"name\":\"Garrett Audiovisuais\",\"description\":\"Projeto e Integra\\u00e7\\u00e3o de Sistemas Audiovisuais\",\"inLanguage\":\"en-GB\",\"publisher\":{\"@id\":\"https:\\\/\\\/garrett.pt\\\/en\\\/#organization\"}}]}\n\t\t<\/script>\n\t\t<!-- All in One SEO Pro -->\r\n\t\t<title>Colunas para Integra\u00e7\u00e3o | Garrett Audiovisuais<\/title>\n\n","aioseo_head_json":{"title":"Integration Columns | Garrett Audiovisuals","description":"An exceptional space deserves quality audio. Genelec offers a full range of products specifically designed for many different types of commercial\/corporate installations. These installation speakers are not only powerful, accurate, compact, and beautiful, they are also extremely easy to install. Learn more at: https:\/\/www.genelec.com\/av-installation-speakers","canonical_url":"https:\/\/garrett.pt\/en\/product\/colunas-para-integracao\/","robots":"max-image-preview:large","keywords":"","webmasterTools":{"google-site-verification":"V-yzxKXBUCATCiI1W_5bHMqCYZQPH0cGOGjcdwe4AHM","miscellaneous":""},"schema":{"@context":"https:\/\/schema.org","@graph":[{"@type":"BreadcrumbList","@id":"https:\/\/garrett.pt\/en\/product\/colunas-para-integracao\/#breadcrumblist","itemListElement":[{"@type":"ListItem","@id":"https:\/\/garrett.pt\/en#listItem","position":1,"name":"Home","item":"https:\/\/garrett.pt\/en","nextItem":{"@type":"ListItem","@id":"https:\/\/garrett.pt\/en\/?page_id=927#listItem","name":"Private: Shop"}},{"@type":"ListItem","@id":"https:\/\/garrett.pt\/en\/?page_id=927#listItem","position":2,"name":"Private: Shop","item":"https:\/\/garrett.pt\/en\/?page_id=927","nextItem":{"@type":"ListItem","@id":"https:\/\/garrett.pt\/en\/product-category\/audio\/#listItem","name":"Audio"},"previousItem":{"@type":"ListItem","@id":"https:\/\/garrett.pt\/en#listItem","name":"Home"}},{"@type":"ListItem","@id":"https:\/\/garrett.pt\/en\/product-category\/audio\/#listItem","position":3,"name":"Audio","item":"https:\/\/garrett.pt\/en\/product-category\/audio\/","nextItem":{"@type":"ListItem","@id":"https:\/\/garrett.pt\/en\/product-category\/audio\/colunas\/#listItem","name":"Colunas"},"previousItem":{"@type":"ListItem","@id":"https:\/\/garrett.pt\/en\/?page_id=927#listItem","name":"Private: Shop"}},{"@type":"ListItem","@id":"https:\/\/garrett.pt\/en\/product-category\/audio\/colunas\/#listItem","position":4,"name":"Colunas","item":"https:\/\/garrett.pt\/en\/product-category\/audio\/colunas\/","nextItem":{"@type":"ListItem","@id":"https:\/\/garrett.pt\/en\/product-category\/audio\/colunas\/integracao\/#listItem","name":"Integra\u00e7\u00e3o"},"previousItem":{"@type":"ListItem","@id":"https:\/\/garrett.pt\/en\/product-category\/audio\/#listItem","name":"Audio"}},{"@type":"ListItem","@id":"https:\/\/garrett.pt\/en\/product-category\/audio\/colunas\/integracao\/#listItem","position":5,"name":"Integra\u00e7\u00e3o","item":"https:\/\/garrett.pt\/en\/product-category\/audio\/colunas\/integracao\/","nextItem":{"@type":"ListItem","@id":"https:\/\/garrett.pt\/en\/product\/colunas-para-integracao\/#listItem","name":"Colunas para Integra\u00e7\u00e3o"},"previousItem":{"@type":"ListItem","@id":"https:\/\/garrett.pt\/en\/product-category\/audio\/colunas\/#listItem","name":"Colunas"}},{"@type":"ListItem","@id":"https:\/\/garrett.pt\/en\/product\/colunas-para-integracao\/#listItem","position":6,"name":"Colunas para Integra\u00e7\u00e3o","previousItem":{"@type":"ListItem","@id":"https:\/\/garrett.pt\/en\/product-category\/audio\/colunas\/integracao\/#listItem","name":"Integra\u00e7\u00e3o"}}]},{"@type":"ItemPage","@id":"https:\/\/garrett.pt\/en\/product\/colunas-para-integracao\/#itempage","url":"https:\/\/garrett.pt\/en\/product\/colunas-para-integracao\/","name":"Colunas para Integra\u00e7\u00e3o | Garrett Audiovisuais","description":"Um espa\u00e7o excepcional merece \u00e1udio de qualidade. A Genelec oferece uma gama completa de produtos, que s\u00e3o projectados especificamente para muitos tipos diferentes de instala\u00e7\u00f5es comerciais \/ corporativas. Estas colunas de instala\u00e7\u00e3o n\u00e3o s\u00e3o apenas potentes, precisas, compactas e bonitas, eles tamb\u00e9m s\u00e3o extremamente f\u00e1ceis de instalar. Saiba mais em: https:\/\/www.genelec.com\/av-installation-speakers","inLanguage":"en-GB","isPartOf":{"@id":"https:\/\/garrett.pt\/en\/#website"},"breadcrumb":{"@id":"https:\/\/garrett.pt\/en\/product\/colunas-para-integracao\/#breadcrumblist"},"image":{"@type":"ImageObject","url":"https:\/\/garrett.pt\/wp-content\/uploads\/2016\/03\/Genelec_Integracao.png","@id":"https:\/\/garrett.pt\/en\/product\/colunas-para-integracao\/#mainImage","width":500,"height":500},"primaryImageOfPage":{"@id":"https:\/\/garrett.pt\/en\/product\/colunas-para-integracao\/#mainImage"},"datePublished":"2026-03-03T16:31:15+00:00","dateModified":"2026-03-19T18:14:32+00:00"},{"@type":"Organization","@id":"https:\/\/garrett.pt\/en\/#organization","name":"Garrett Audiovisuais","description":"Projeto e Integra\u00e7\u00e3o de Sistemas Audiovisuais","url":"https:\/\/garrett.pt\/en\/","telephone":"+351214180134","logo":{"@type":"ImageObject","url":"https:\/\/garrett.pt\/wp-content\/uploads\/2021\/10\/1378831_10151703628399331_552396504_n.jpg","@id":"https:\/\/garrett.pt\/en\/product\/colunas-para-integracao\/#organizationLogo","width":650,"height":650},"image":{"@id":"https:\/\/garrett.pt\/en\/product\/colunas-para-integracao\/#organizationLogo"},"sameAs":["https:\/\/www.facebook.com\/garrettaudiovisuais","https:\/\/www.instagram.com\/garrettaudiovisuais\/","https:\/\/www.youtube.com\/channel\/UCMLMFyCLpAQ3D4cYmzC34PQ","https:\/\/www.linkedin.com\/company\/garrett-audiovisuais","https:\/\/www.threads.net\/@garrettaudiovisuais","https:\/\/bsky.app\/profile\/garrettsa.bsky.social"]},{"@type":"WebPage","@id":"https:\/\/garrett.pt\/en\/product\/colunas-para-integracao\/#webpage","url":"https:\/\/garrett.pt\/en\/product\/colunas-para-integracao\/","name":"Colunas para Integra\u00e7\u00e3o | Garrett Audiovisuais","description":"Um espa\u00e7o excepcional merece \u00e1udio de qualidade. A Genelec oferece uma gama completa de produtos, que s\u00e3o projectados especificamente para muitos tipos diferentes de instala\u00e7\u00f5es comerciais \/ corporativas. Estas colunas de instala\u00e7\u00e3o n\u00e3o s\u00e3o apenas potentes, precisas, compactas e bonitas, eles tamb\u00e9m s\u00e3o extremamente f\u00e1ceis de instalar. Saiba mais em: https:\/\/www.genelec.com\/av-installation-speakers","inLanguage":"en-GB","isPartOf":{"@id":"https:\/\/garrett.pt\/en\/#website"},"breadcrumb":{"@id":"https:\/\/garrett.pt\/en\/product\/colunas-para-integracao\/#breadcrumblist"},"image":{"@type":"ImageObject","url":"https:\/\/garrett.pt\/wp-content\/uploads\/2016\/03\/Genelec_Integracao.png","@id":"https:\/\/garrett.pt\/en\/product\/colunas-para-integracao\/#mainImage","width":500,"height":500},"primaryImageOfPage":{"@id":"https:\/\/garrett.pt\/en\/product\/colunas-para-integracao\/#mainImage"},"datePublished":"2026-03-03T16:31:15+00:00","dateModified":"2026-03-19T18:14:32+00:00"},{"@type":"WebSite","@id":"https:\/\/garrett.pt\/en\/#website","url":"https:\/\/garrett.pt\/en\/","name":"Garrett Audiovisuais","description":"Projeto e Integra\u00e7\u00e3o de Sistemas Audiovisuais","inLanguage":"en-GB","publisher":{"@id":"https:\/\/garrett.pt\/en\/#organization"}}]},"og:locale":"en_GB","og:site_name":"Garrett Audiovisuais | Projeto e Integra\u00e7\u00e3o de Sistemas Audiovisuais","og:type":"article","og:title":"Colunas para Integra\u00e7\u00e3o | Garrett Audiovisuais","og:description":"Um espa\u00e7o excepcional merece \u00e1udio de qualidade. A Genelec oferece uma gama completa de produtos, que s\u00e3o projectados especificamente para muitos tipos diferentes de instala\u00e7\u00f5es comerciais \/ corporativas. Estas colunas de instala\u00e7\u00e3o n\u00e3o s\u00e3o apenas potentes, precisas, compactas e bonitas, eles tamb\u00e9m s\u00e3o extremamente f\u00e1ceis de instalar. Saiba mais em: https:\/\/www.genelec.com\/av-installation-speakers","og:url":"https:\/\/garrett.pt\/en\/product\/colunas-para-integracao\/","og:image":"https:\/\/garrett.pt\/wp-content\/uploads\/2016\/03\/Genelec_Integracao.png","og:image:secure_url":"https:\/\/garrett.pt\/wp-content\/uploads\/2016\/03\/Genelec_Integracao.png","og:image:width":500,"og:image:height":500,"article:published_time":"2026-03-03T16:31:15+00:00","article:modified_time":"2026-03-19T18:14:32+00:00","article:publisher":"https:\/\/www.facebook.com\/garrettaudiovisuais","twitter:card":"summary","twitter:title":"Colunas para Integra\u00e7\u00e3o | Garrett Audiovisuais","twitter:description":"Um espa\u00e7o excepcional merece \u00e1udio de qualidade. A Genelec oferece uma gama completa de produtos, que s\u00e3o projectados especificamente para muitos tipos diferentes de instala\u00e7\u00f5es comerciais \/ corporativas. Estas colunas de instala\u00e7\u00e3o n\u00e3o s\u00e3o apenas potentes, precisas, compactas e bonitas, eles tamb\u00e9m s\u00e3o extremamente f\u00e1ceis de instalar. Saiba mais em: https:\/\/www.genelec.com\/av-installation-speakers","twitter:image":"https:\/\/garrett.pt\/wp-content\/uploads\/2016\/03\/Genelec_Integracao.png"},"aioseo_meta_data":{"post_id":"2484","title":null,"description":null,"keywords":[],"keyphrases":{"focus":[],"additional":[]},"primary_term":null,"canonical_url":null,"og_title":null,"og_description":null,"og_object_type":"default","og_image_type":"default","og_image_url":null,"og_image_width":null,"og_image_height":null,"og_image_custom_url":null,"og_image_custom_fields":null,"og_video":"","og_custom_url":null,"og_article_section":null,"og_article_tags":[],"twitter_use_og":false,"twitter_card":"default","twitter_image_type":"default","twitter_image_url":null,"twitter_image_custom_url":null,"twitter_image_custom_fields":null,"twitter_title":null,"twitter_description":null,"schema":{"blockGraphs":[],"customGraphs":[],"default":{"data":{"Article":[],"Course":[],"Dataset":[],"FAQPage":[],"Movie":[],"Person":[],"Product":[],"ProductReview":[],"Car":[],"Recipe":[],"Service":[],"SoftwareApplication":[],"WebPage":[]},"graphName":"","isEnabled":true},"graphs":[]},"schema_type":"default","schema_type_options":"{\"article\":{\"articleType\":\"BlogPosting\"},\"course\":{\"name\":\"\",\"description\":\"\",\"provider\":\"\"},\"faq\":{\"pages\":[]},\"product\":{\"reviews\":[]},\"recipe\":{\"ingredients\":[],\"instructions\":[],\"keywords\":[]},\"software\":{\"reviews\":[],\"operatingSystems\":[]},\"webPage\":{\"webPageType\":\"WebPage\"}}","pillar_content":false,"robots_default":true,"robots_noindex":false,"robots_noarchive":false,"robots_nosnippet":false,"robots_nofollow":false,"robots_noimageindex":false,"robots_noodp":false,"robots_notranslate":false,"robots_max_snippet":"-1","robots_max_videopreview":"-1","robots_max_imagepreview":"large","priority":null,"frequency":"default","local_seo":null,"seo_analyzer_scan_date":"2026-03-19 18:24:30","breadcrumb_settings":null,"limit_modified_date":false,"reviewed_by":null,"open_ai":null,"ai":null,"created":"2021-09-22 12:29:54","updated":"2026-03-19 21:47:16"},"aioseo_breadcrumb":"<div class=\"aioseo-breadcrumbs\"><span class=\"aioseo-breadcrumb\">\n\t<a href=\"https:\/\/garrett.pt\/en\" title=\"Home\">Home<\/a>\n<\/span><span class=\"aioseo-breadcrumb-separator\">&raquo;<\/span><span class=\"aioseo-breadcrumb\">\n\t<a href=\"https:\/\/garrett.pt\/en\/?page_id=927\" title=\"Private: Shop\">Private: Shop<\/a>\n<\/span><span class=\"aioseo-breadcrumb-separator\">&raquo;<\/span><span class=\"aioseo-breadcrumb\">\n\t<a href=\"https:\/\/garrett.pt\/en\/product-category\/audio\/\" title=\"Audio\">Audio<\/a>\n<\/span><span class=\"aioseo-breadcrumb-separator\">&raquo;<\/span><span class=\"aioseo-breadcrumb\">\n\t<a href=\"https:\/\/garrett.pt\/en\/product-category\/audio\/colunas\/\" title=\"Colunas\">Colunas<\/a>\n<\/span><span class=\"aioseo-breadcrumb-separator\">&raquo;<\/span><span class=\"aioseo-breadcrumb\">\n\t<a href=\"https:\/\/garrett.pt\/en\/product-category\/audio\/colunas\/integracao\/\" title=\"Integra\u00e7\u00e3o\">Integra\u00e7\u00e3o<\/a>\n<\/span><span class=\"aioseo-breadcrumb-separator\">&raquo;<\/span><span class=\"aioseo-breadcrumb\">\n\tColunas para Integra\u00e7\u00e3o\n<\/span><\/div>","aioseo_breadcrumb_json":[{"label":"Home","link":"https:\/\/garrett.pt\/en"},{"label":"Private: Shop","link":"https:\/\/garrett.pt\/en\/?page_id=927"},{"label":"Audio","link":"https:\/\/garrett.pt\/en\/product-category\/audio\/"},{"label":"Colunas","link":"https:\/\/garrett.pt\/en\/product-category\/audio\/colunas\/"},{"label":"Integra\u00e7\u00e3o","link":"https:\/\/garrett.pt\/en\/product-category\/audio\/colunas\/integracao\/"},{"label":"Colunas para Integra\u00e7\u00e3o","link":"https:\/\/garrett.pt\/en\/product\/colunas-para-integracao\/"}],"_links":{"self":[{"href":"https:\/\/garrett.pt\/en\/wp-json\/wp\/v2\/product\/2484","targetHints":{"allow":["GET"]}}],"collection":[{"href":"https:\/\/garrett.pt\/en\/wp-json\/wp\/v2\/product"}],"about":[{"href":"https:\/\/garrett.pt\/en\/wp-json\/wp\/v2\/types\/product"}],"replies":[{"embeddable":true,"href":"https:\/\/garrett.pt\/en\/wp-json\/wp\/v2\/comments?post=2484"}],"wp:featuredmedia":[{"embeddable":true,"href":"https:\/\/garrett.pt\/en\/wp-json\/wp\/v2\/media\/2476"}],"wp:attachment":[{"href":"https:\/\/garrett.pt\/en\/wp-json\/wp\/v2\/media?parent=2484"}],"wp:term":[{"taxonomy":"product_brand","embeddable":true,"href":"https:\/\/garrett.pt\/en\/wp-json\/wp\/v2\/product_brand?post=2484"},{"taxonomy":"product_cat","embeddable":true,"href":"https:\/\/garrett.pt\/en\/wp-json\/wp\/v2\/product_cat?post=2484"},{"taxonomy":"product_tag","embeddable":true,"href":"https:\/\/garrett.pt\/en\/wp-json\/wp\/v2\/product_tag?post=2484"}],"curies":[{"name":"wp","href":"https:\/\/api.w.org\/{rel}","templated":true}]}}